{"id":141,"date":"2021-04-14T08:04:41","date_gmt":"2021-04-14T08:04:41","guid":{"rendered":"http:\/\/www.praxis-vielfalt.at\/?page_id=141"},"modified":"2021-11-21T08:38:13","modified_gmt":"2021-11-21T08:38:13","slug":"babymassage","status":"publish","type":"page","link":"https:\/\/www.praxis-vielfalt.at\/?page_id=141","title":{"rendered":"Babymassage"},"content":{"rendered":"\n<p>Je kleiner ein Kind ist desto bedeutungsvoller ist die Sprache von Haut zu Haut. Hier satt zu werden bedeutet, sich vollkommen angenommen und geliebt zu f\u00fchlen. Die tiefe Verbindung zwischen Eltern und Kind wird hier &#8222;begreifbar&#8220;.<\/p>\n\n\n\n<p>Durch Babymassage wird die Entwicklung des Nervensystems gef\u00f6rdert, die Durchblutung und der Stoffwechsel angeregt und die Verdauung positiv gef\u00f6rdert. Babymassage ist ab der Geburt bis ca. 8 Monate gut durchzuf\u00fchren.<\/p>\n\n\n\n<p>In 2 Einheiten lernen sie ihr Kind zu massieren, dabei steht nicht ein starrer Ablauf, sondern immer das Wohlbefinden des Kindes an erster Stelle. Gro\u00dfeltern ebenfalls herzlich willkommen! Kosten f\u00fcr beide Termine \u20ac70.<\/p>\n\n\n\n<p>Genauere Informationen finden sie unter: <a href=\"http:\/\/www.claudiagraf.at\">www.claudiagraf.at<\/a><\/p>\n\n\n\n<p>Tel.: 06644641014<\/p>\n\n\n\n<p><\/p>\n\n\n\n<p><\/p>\n","protected":false},"excerpt":{"rendered":"<p>Je kleiner ein Kind ist desto bedeutungsvoller ist die Sprache von Haut zu Haut. Hier satt zu werden bedeutet, sich vollkommen angenommen und geliebt zu f\u00fchlen. Die tiefe Verbindung zwischen Eltern und Kind wird hier &#8222;begreifbar&#8220;. Durch Babymassage wird die Entwicklung des Nervensystems gef\u00f6rdert, die Durchblutung und der Stoffwechsel angeregt und die Verdauung positiv gef\u00f6rdert.<\/p>\n<div class=\"read-more-wrapper\"><a class=\"read-more\" href=\"https:\/\/www.praxis-vielfalt.at\/?page_id=141\" title=\"Read More\"> <span class=\"button default\">Read More<\/span><\/a><\/div>\n","protected":false},"author":1,"featured_media":0,"parent":47,"menu_order":0,"comment_status":"closed","ping_status":"closed","template":"","meta":{"footnotes":""},"class_list":["post-141","page","type-page","status-publish","hentry"],"_links":{"self":[{"href":"https:\/\/www.praxis-vielfalt.at\/index.php?rest_route=\/wp\/v2\/pages\/141","targetHints":{"allow":["GET"]}}],"collection":[{"href":"https:\/\/www.praxis-vielfalt.at\/index.php?rest_route=\/wp\/v2\/pages"}],"about":[{"href":"https:\/\/www.praxis-vielfalt.at\/index.php?rest_route=\/wp\/v2\/types\/page"}],"author":[{"embeddable":true,"href":"https:\/\/www.praxis-vielfalt.at\/index.php?rest_route=\/wp\/v2\/users\/1"}],"replies":[{"embeddable":true,"href":"https:\/\/www.praxis-vielfalt.at\/index.php?rest_route=%2Fwp%2Fv2%2Fcomments&post=141"}],"version-history":[{"count":8,"href":"https:\/\/www.praxis-vielfalt.at\/index.php?rest_route=\/wp\/v2\/pages\/141\/revisions"}],"predecessor-version":[{"id":638,"href":"https:\/\/www.praxis-vielfalt.at\/index.php?rest_route=\/wp\/v2\/pages\/141\/revisions\/638"}],"up":[{"embeddable":true,"href":"https:\/\/www.praxis-vielfalt.at\/index.php?rest_route=\/wp\/v2\/pages\/47"}],"wp:attachment":[{"href":"https:\/\/www.praxis-vielfalt.at\/index.php?rest_route=%2Fwp%2Fv2%2Fmedia&parent=141"}],"curies":[{"name":"wp","href":"https:\/\/api.w.org\/{rel}","templated":true}]}}